{"id":62985,"date":"2022-09-19T20:30:52","date_gmt":"2022-09-19T20:30:52","guid":{"rendered":"https:\/\/atlanticbooks.ca\/books\/le-porteur-de-reves\/"},"modified":"2023-01-04T18:51:02","modified_gmt":"2023-01-04T18:51:02","slug":"le-porteur-de-reves","status":"publish","type":"product","link":"https:\/\/atlanticbooks.ca\/fr\/livres\/le-porteur-de-reves","title":{"rendered":"Le porteur de r\u00eaves"},"content":{"rendered":"<p>Le petit Ali est triste, car son p\u00e8re, le \u00ab porteur de r\u00eaves \u00bb du village, partira demain pour un tr\u00e8s long voyage. Le gar\u00e7on d\u00e9sire depuis longtemps l\u2019accompagner dans sa mission \u00e0 travers le grand d\u00e9sert. Mais son p\u00e8re ne veut rien entendre. Le c\u0153ur gros, Ali va se confier \u00e0 Chamane, son chameau pr\u00e9f\u00e9r\u00e9. Pour le consoler, celui-ci lui expose un plan pour que le gar\u00e7on soit du voyage sans que son p\u00e8re le sache. C\u2019est le d\u00e9but d\u2019une folle aventure o\u00f9 chaque dune semble cacher un redoutable danger\u2026.<\/p>\n","protected":false},"excerpt":{"rendered":"<p>Le petit Ali est triste, car son p\u00e8re, le \u00ab porteur de r\u00eaves \u00bb du village, partira demain pour un tr\u00e8s long voyage. Le gar\u00e7on d\u00e9sire depuis longtemps l\u2019accompagner dans [&hellip;]<\/p>\n","protected":false},"featured_media":57130,"template":"","meta":{"_genesis_hide_title":false,"_genesis_hide_breadcrumbs":false,"_genesis_hide_singular_image":false,"_genesis_hide_footer_widgets":false,"_genesis_custom_body_class":"","_genesis_custom_post_class":"","_genesis_layout":""},"product_brand":[],"product_cat":[12776],"product_tag":[],"class_list":{"0":"post-62985","1":"product","2":"type-product","3":"status-publish","4":"has-post-thumbnail","5":"product_language-fre","6":"product_reading_range-5-fr","7":"product_reading_range-6-fr","8":"product_reading_range-8-fr","9":"product_reading_range-7-fr","10":"product_interest_range-5-fr","11":"product_interest_range-6-fr","12":"product_interest_range-7-fr","13":"product_interest_range-8-fr","14":"product_grade_range-kindergarten-fr","15":"product_grade_range-first-grade-fr","16":"product_grade_range-second-grade-fr","17":"product_grade_range-third-grade-fr","18":"product_curriculumsubject-francais-programmes-detudes-fr","19":"product_curriculumsubject-immersion-2-fr","20":"product_curriculumsubject-francais-arts-langagiers-fr","21":"product_curriculumsubject-core-french-fr","22":"product_curriculumsubject-francais-arts-langagiers-im-fr","23":"product_curriculumsubject-sciences-humaines-fr","24":"product_edi_author-french-canadian-author-fr","25":"product_edi_publisher-acadian-publisher-copy","26":"product_edi_publisher-french-canadian-publisher-copy","27":"product_edi_languages-francais-fr","28":"product_nssbb-immersion-curriculum-subjects-fr","29":"product_nssbb-immersion-precoce-francais-arts-langagiers-4-im-fr","30":"product_nssbb-sciences-humaines-3-im-fr","31":"product_nssbb-sciences-humaines-4-im-fr","32":"product_nssbb-sciences-humaines-5-im-fr","33":"product_nssbb-sciences-humaines-6-im-fr","34":"product_nssbb_approved-nssbb-approved","35":"biblio_share_tag-juvenile-fiction-fr","36":"product_cat-abc-fr-2","37":"product_shipping_class-abc-test-fr","38":"entry","40":"first","41":"instock","42":"taxable","43":"shipping-taxable","44":"purchasable","45":"product-type-simple"},"yoast_head":"<!-- This site is optimized with the Yoast SEO plugin v24.0 - https:\/\/yoast.com\/wordpress\/plugins\/seo\/ -->\n<title>Le porteur de r\u00eaves - Atlantic Books<\/title>\n<meta name=\"robots\" content=\"index, follow, max-snippet:-1, max-image-preview:large, max-video-preview:-1\" \/>\n<link rel=\"canonical\" href=\"https:\/\/atlanticbooks.ca\/fr\/livres\/le-porteur-de-reves\" \/>\n<meta property=\"og:locale\" content=\"fr_FR\" \/>\n<meta property=\"og:type\" content=\"article\" \/>\n<meta property=\"og:title\" content=\"Le porteur de r\u00eaves - Atlantic Books\" \/>\n<meta property=\"og:description\" content=\"Le petit Ali est triste, car son p\u00e8re, le \u00ab porteur de r\u00eaves \u00bb du village, partira demain pour un tr\u00e8s long voyage. Le gar\u00e7on d\u00e9sire depuis longtemps l\u2019accompagner dans [&hellip;]\" \/>\n<meta property=\"og:url\" content=\"https:\/\/atlanticbooks.ca\/fr\/livres\/le-porteur-de-reves\" \/>\n<meta property=\"og:site_name\" content=\"Atlantic Books\" \/>\n<meta property=\"article:modified_time\" content=\"2023-01-04T18:51:02+00:00\" \/>\n<meta property=\"og:image\" content=\"https:\/\/atlanticbooks.mystagingwebsite.com\/wp-content\/uploads\/2022\/09\/LM-06_Leporteurdereves.jpg\" \/>\n\t<meta property=\"og:image:width\" content=\"1275\" \/>\n\t<meta property=\"og:image:height\" content=\"1800\" \/>\n\t<meta property=\"og:image:type\" content=\"image\/jpeg\" \/>\n<meta name=\"twitter:card\" content=\"summary_large_image\" \/>\n<meta name=\"twitter:label1\" content=\"Dur\u00e9e de lecture estim\u00e9e\" \/>\n\t<meta name=\"twitter:data1\" content=\"1 minute\" \/>\n<script type=\"application\/ld+json\" class=\"yoast-schema-graph\">{\"@context\":\"https:\/\/schema.org\",\"@graph\":[{\"@type\":\"WebPage\",\"@id\":\"https:\/\/atlanticbooks.ca\/fr\/livres\/le-porteur-de-reves\",\"url\":\"https:\/\/atlanticbooks.ca\/fr\/livres\/le-porteur-de-reves\",\"name\":\"Le porteur de r\u00eaves - Atlantic Books\",\"isPartOf\":{\"@id\":\"https:\/\/atlanticbooks.ca\/fr\/#website\"},\"primaryImageOfPage\":{\"@id\":\"https:\/\/atlanticbooks.ca\/fr\/livres\/le-porteur-de-reves#primaryimage\"},\"image\":{\"@id\":\"https:\/\/atlanticbooks.ca\/fr\/livres\/le-porteur-de-reves#primaryimage\"},\"thumbnailUrl\":\"https:\/\/atlanticbooks.ca\/wp-content\/uploads\/2022\/09\/LM-06_Leporteurdereves.jpg\",\"datePublished\":\"2022-09-19T20:30:52+00:00\",\"dateModified\":\"2023-01-04T18:51:02+00:00\",\"breadcrumb\":{\"@id\":\"https:\/\/atlanticbooks.ca\/fr\/livres\/le-porteur-de-reves#breadcrumb\"},\"inLanguage\":\"fr-FR\",\"potentialAction\":[{\"@type\":\"ReadAction\",\"target\":[\"https:\/\/atlanticbooks.ca\/fr\/livres\/le-porteur-de-reves\"]}]},{\"@type\":\"ImageObject\",\"inLanguage\":\"fr-FR\",\"@id\":\"https:\/\/atlanticbooks.ca\/fr\/livres\/le-porteur-de-reves#primaryimage\",\"url\":\"https:\/\/atlanticbooks.ca\/wp-content\/uploads\/2022\/09\/LM-06_Leporteurdereves.jpg\",\"contentUrl\":\"https:\/\/atlanticbooks.ca\/wp-content\/uploads\/2022\/09\/LM-06_Leporteurdereves.jpg\",\"width\":1275,\"height\":1800,\"caption\":\"Le petit Ali est triste, car son p\u00e8re, le \u00ab porteur de r\u00eaves \u00bb du village, partira demain pour un tr\u00e8s long voyage. Le gar\u00e7on d\u00e9sire depuis longtemps l\u2019accompagner dans sa mission \u00e0 travers le grand d\u00e9sert. Mais son p\u00e8re ne veut rien entendre. Le c\u0153ur gros, Ali va se confier \u00e0 Chamane, son chameau pr\u00e9f\u00e9r\u00e9. Pour le consoler, celui-ci lui expose un plan pour que le gar\u00e7on soit du voyage sans que son p\u00e8re le sache. C\u2019est le d\u00e9but d\u2019une folle aventure o\u00f9 chaque dune semble cacher un redoutable danger\u2026\"},{\"@type\":\"BreadcrumbList\",\"@id\":\"https:\/\/atlanticbooks.ca\/fr\/livres\/le-porteur-de-reves#breadcrumb\",\"itemListElement\":[{\"@type\":\"ListItem\",\"position\":1,\"name\":\"Domicile\",\"item\":\"https:\/\/atlanticbooks.ca\/fr\"},{\"@type\":\"ListItem\",\"position\":2,\"name\":\"Collections\",\"item\":\"https:\/\/atlanticbooks.ca\/fr\/collections\"},{\"@type\":\"ListItem\",\"position\":3,\"name\":\"Le porteur de r\u00eaves\"}]},{\"@type\":\"WebSite\",\"@id\":\"https:\/\/atlanticbooks.ca\/fr\/#website\",\"url\":\"https:\/\/atlanticbooks.ca\/fr\/\",\"name\":\"Atlantic Books\",\"description\":\"Atlantic Books\",\"publisher\":{\"@id\":\"https:\/\/atlanticbooks.ca\/fr\/#organization\"},\"potentialAction\":[{\"@type\":\"SearchAction\",\"target\":{\"@type\":\"EntryPoint\",\"urlTemplate\":\"https:\/\/atlanticbooks.ca\/fr\/?s={search_term_string}\"},\"query-input\":{\"@type\":\"PropertyValueSpecification\",\"valueRequired\":true,\"valueName\":\"search_term_string\"}}],\"inLanguage\":\"fr-FR\"},{\"@type\":\"Organization\",\"@id\":\"https:\/\/atlanticbooks.ca\/fr\/#organization\",\"name\":\"Atlantic Books\",\"url\":\"https:\/\/atlanticbooks.ca\/fr\/\",\"logo\":{\"@type\":\"ImageObject\",\"inLanguage\":\"fr-FR\",\"@id\":\"https:\/\/atlanticbooks.ca\/fr\/#\/schema\/logo\/image\/\",\"url\":\"https:\/\/atlanticbooks.ca\/wp-content\/uploads\/2020\/10\/atlantic-books-logo.png\",\"contentUrl\":\"https:\/\/atlanticbooks.ca\/wp-content\/uploads\/2020\/10\/atlantic-books-logo.png\",\"width\":566,\"height\":111,\"caption\":\"Atlantic Books\"},\"image\":{\"@id\":\"https:\/\/atlanticbooks.ca\/fr\/#\/schema\/logo\/image\/\"}}]}<\/script>\n<!-- \/ Yoast SEO plugin. -->","yoast_head_json":{"title":"Le porteur de r\u00eaves - Atlantic Books","robots":{"index":"index","follow":"follow","max-snippet":"max-snippet:-1","max-image-preview":"max-image-preview:large","max-video-preview":"max-video-preview:-1"},"canonical":"https:\/\/atlanticbooks.ca\/fr\/livres\/le-porteur-de-reves","og_locale":"fr_FR","og_type":"article","og_title":"Le porteur de r\u00eaves - Atlantic Books","og_description":"Le petit Ali est triste, car son p\u00e8re, le \u00ab porteur de r\u00eaves \u00bb du village, partira demain pour un tr\u00e8s long voyage. Le gar\u00e7on d\u00e9sire depuis longtemps l\u2019accompagner dans [&hellip;]","og_url":"https:\/\/atlanticbooks.ca\/fr\/livres\/le-porteur-de-reves","og_site_name":"Atlantic Books","article_modified_time":"2023-01-04T18:51:02+00:00","og_image":[{"width":1275,"height":1800,"url":"https:\/\/atlanticbooks.mystagingwebsite.com\/wp-content\/uploads\/2022\/09\/LM-06_Leporteurdereves.jpg","type":"image\/jpeg"}],"twitter_card":"summary_large_image","twitter_misc":{"Dur\u00e9e de lecture estim\u00e9e":"1 minute"},"schema":{"@context":"https:\/\/schema.org","@graph":[{"@type":"WebPage","@id":"https:\/\/atlanticbooks.ca\/fr\/livres\/le-porteur-de-reves","url":"https:\/\/atlanticbooks.ca\/fr\/livres\/le-porteur-de-reves","name":"Le porteur de r\u00eaves - Atlantic Books","isPartOf":{"@id":"https:\/\/atlanticbooks.ca\/fr\/#website"},"primaryImageOfPage":{"@id":"https:\/\/atlanticbooks.ca\/fr\/livres\/le-porteur-de-reves#primaryimage"},"image":{"@id":"https:\/\/atlanticbooks.ca\/fr\/livres\/le-porteur-de-reves#primaryimage"},"thumbnailUrl":"https:\/\/atlanticbooks.ca\/wp-content\/uploads\/2022\/09\/LM-06_Leporteurdereves.jpg","datePublished":"2022-09-19T20:30:52+00:00","dateModified":"2023-01-04T18:51:02+00:00","breadcrumb":{"@id":"https:\/\/atlanticbooks.ca\/fr\/livres\/le-porteur-de-reves#breadcrumb"},"inLanguage":"fr-FR","potentialAction":[{"@type":"ReadAction","target":["https:\/\/atlanticbooks.ca\/fr\/livres\/le-porteur-de-reves"]}]},{"@type":"ImageObject","inLanguage":"fr-FR","@id":"https:\/\/atlanticbooks.ca\/fr\/livres\/le-porteur-de-reves#primaryimage","url":"https:\/\/atlanticbooks.ca\/wp-content\/uploads\/2022\/09\/LM-06_Leporteurdereves.jpg","contentUrl":"https:\/\/atlanticbooks.ca\/wp-content\/uploads\/2022\/09\/LM-06_Leporteurdereves.jpg","width":1275,"height":1800,"caption":"Le petit Ali est triste, car son p\u00e8re, le \u00ab porteur de r\u00eaves \u00bb du village, partira demain pour un tr\u00e8s long voyage. Le gar\u00e7on d\u00e9sire depuis longtemps l\u2019accompagner dans sa mission \u00e0 travers le grand d\u00e9sert. Mais son p\u00e8re ne veut rien entendre. Le c\u0153ur gros, Ali va se confier \u00e0 Chamane, son chameau pr\u00e9f\u00e9r\u00e9. Pour le consoler, celui-ci lui expose un plan pour que le gar\u00e7on soit du voyage sans que son p\u00e8re le sache. C\u2019est le d\u00e9but d\u2019une folle aventure o\u00f9 chaque dune semble cacher un redoutable danger\u2026"},{"@type":"BreadcrumbList","@id":"https:\/\/atlanticbooks.ca\/fr\/livres\/le-porteur-de-reves#breadcrumb","itemListElement":[{"@type":"ListItem","position":1,"name":"Domicile","item":"https:\/\/atlanticbooks.ca\/fr"},{"@type":"ListItem","position":2,"name":"Collections","item":"https:\/\/atlanticbooks.ca\/fr\/collections"},{"@type":"ListItem","position":3,"name":"Le porteur de r\u00eaves"}]},{"@type":"WebSite","@id":"https:\/\/atlanticbooks.ca\/fr\/#website","url":"https:\/\/atlanticbooks.ca\/fr\/","name":"Atlantic Books","description":"Atlantic Books","publisher":{"@id":"https:\/\/atlanticbooks.ca\/fr\/#organization"},"potentialAction":[{"@type":"SearchAction","target":{"@type":"EntryPoint","urlTemplate":"https:\/\/atlanticbooks.ca\/fr\/?s={search_term_string}"},"query-input":{"@type":"PropertyValueSpecification","valueRequired":true,"valueName":"search_term_string"}}],"inLanguage":"fr-FR"},{"@type":"Organization","@id":"https:\/\/atlanticbooks.ca\/fr\/#organization","name":"Atlantic Books","url":"https:\/\/atlanticbooks.ca\/fr\/","logo":{"@type":"ImageObject","inLanguage":"fr-FR","@id":"https:\/\/atlanticbooks.ca\/fr\/#\/schema\/logo\/image\/","url":"https:\/\/atlanticbooks.ca\/wp-content\/uploads\/2020\/10\/atlantic-books-logo.png","contentUrl":"https:\/\/atlanticbooks.ca\/wp-content\/uploads\/2020\/10\/atlantic-books-logo.png","width":566,"height":111,"caption":"Atlantic Books"},"image":{"@id":"https:\/\/atlanticbooks.ca\/fr\/#\/schema\/logo\/image\/"}}]}},"_links":{"self":[{"href":"https:\/\/atlanticbooks.ca\/fr\/wp-json\/wp\/v2\/product\/62985","targetHints":{"allow":["GET"]}}],"collection":[{"href":"https:\/\/atlanticbooks.ca\/fr\/wp-json\/wp\/v2\/product"}],"about":[{"href":"https:\/\/atlanticbooks.ca\/fr\/wp-json\/wp\/v2\/types\/product"}],"wp:featuredmedia":[{"embeddable":true,"href":"https:\/\/atlanticbooks.ca\/fr\/wp-json\/wp\/v2\/media\/57130"}],"wp:attachment":[{"href":"https:\/\/atlanticbooks.ca\/fr\/wp-json\/wp\/v2\/media?parent=62985"}],"wp:term":[{"taxonomy":"product_brand","embeddable":true,"href":"https:\/\/atlanticbooks.ca\/fr\/wp-json\/wp\/v2\/product_brand?post=62985"},{"taxonomy":"product_cat","embeddable":true,"href":"https:\/\/atlanticbooks.ca\/fr\/wp-json\/wp\/v2\/product_cat?post=62985"},{"taxonomy":"product_tag","embeddable":true,"href":"https:\/\/atlanticbooks.ca\/fr\/wp-json\/wp\/v2\/product_tag?post=62985"}],"curies":[{"name":"wp","href":"https:\/\/api.w.org\/{rel}","templated":true}]}}